{"id":1501,"date":"2020-07-01T18:10:34","date_gmt":"2020-07-01T16:10:34","guid":{"rendered":"https:\/\/www.monvillage.cafe\/saintmartinsurecaillon\/?page_id=1501"},"modified":"2020-07-03T14:40:32","modified_gmt":"2020-07-03T12:40:32","slug":"salle-paul-boucly","status":"publish","type":"page","link":"https:\/\/www.monvillage.cafe\/saintmartinsurecaillon\/votre-village\/salle-paul-boucly\/","title":{"rendered":"Salle Paul Boucly"},"content":{"rendered":"<p>[et_pb_section fb_built=\u00a0\u00bb1&Prime; _builder_version=\u00a0\u00bb4.4.8&Prime; custom_padding=\u00a0\u00bb||0px||false|false\u00a0\u00bb][et_pb_row _builder_version=\u00a0\u00bb4.4.8&Prime;][et_pb_column type=\u00a0\u00bb4_4&Prime; _builder_version=\u00a0\u00bb4.4.8&Prime;][et_pb_image src=\u00a0\u00bbhttps:\/\/www.monvillage.cafe\/saintmartinsurecaillon\/wp-content\/uploads\/sites\/2\/2020\/07\/salle-paul-boucly-1.jpg\u00a0\u00bb title_text=\u00a0\u00bbsalle paul boucly 1&Prime; align=\u00a0\u00bbcenter\u00a0\u00bb force_fullwidth=\u00a0\u00bbon\u00a0\u00bb _builder_version=\u00a0\u00bb4.4.8&Prime;][\/et_pb_image][\/et_pb_column][\/et_pb_row][\/et_pb_section][et_pb_section fb_built=\u00a0\u00bb1&Prime; _builder_version=\u00a0\u00bb4.4.8&Prime; custom_padding=\u00a0\u00bb0px||0px||false|false\u00a0\u00bb][et_pb_row column_structure=\u00a0\u00bb1_4,1_4,1_4,1_4&Prime; _builder_version=\u00a0\u00bb4.4.8&Prime;][et_pb_column type=\u00a0\u00bb1_4&Prime; _builder_version=\u00a0\u00bb4.4.8&Prime;][et_pb_blurb title=\u00a0\u00bbR\u00e9ception, mariage, bapt\u00eame, vin d&rsquo;honneur&#8230; \u00a0\u00bb use_icon=\u00a0\u00bbon\u00a0\u00bb font_icon=\u00a0\u00bb%%379%%\u00a0\u00bb icon_color=\u00a0\u00bb#b00000&Prime; _builder_version=\u00a0\u00bb4.4.8&Prime; header_level=\u00a0\u00bbh2&Prime; header_font=\u00a0\u00bb|700|||||||\u00a0\u00bb text_orientation=\u00a0\u00bbcenter\u00a0\u00bb][\/et_pb_blurb][\/et_pb_column][et_pb_column type=\u00a0\u00bb1_4&Prime; _builder_version=\u00a0\u00bb4.4.8&Prime;][et_pb_blurb title=\u00a0\u00bbS\u00e9minaire, r\u00e9union, conf\u00e9rence&#8230;\u00a0\u00bb use_icon=\u00a0\u00bbon\u00a0\u00bb font_icon=\u00a0\u00bb%%158%%\u00a0\u00bb icon_color=\u00a0\u00bb#b00000&Prime; _builder_version=\u00a0\u00bb4.4.8&Prime; header_level=\u00a0\u00bbh2&Prime; header_font=\u00a0\u00bb|700|||||||\u00a0\u00bb text_orientation=\u00a0\u00bbcenter\u00a0\u00bb][\/et_pb_blurb][\/et_pb_column][et_pb_column type=\u00a0\u00bb1_4&Prime; _builder_version=\u00a0\u00bb4.4.8&Prime;][et_pb_blurb title=\u00a0\u00bbSpectacle, exposition, arbre de No\u00ebl&#8230;\u00a0\u00bb use_icon=\u00a0\u00bbon\u00a0\u00bb font_icon=\u00a0\u00bb%%129%%\u00a0\u00bb icon_color=\u00a0\u00bb#b00000&Prime; _builder_version=\u00a0\u00bb4.4.8&Prime; header_level=\u00a0\u00bbh2&Prime; header_font=\u00a0\u00bb|700|||||||\u00a0\u00bb text_orientation=\u00a0\u00bbcenter\u00a0\u00bb][\/et_pb_blurb][\/et_pb_column][et_pb_column type=\u00a0\u00bb1_4&Prime; _builder_version=\u00a0\u00bb4.4.8&Prime;][et_pb_blurb title=\u00a0\u00bbActivit\u00e9 sportive en salle\u00a0\u00bb use_icon=\u00a0\u00bbon\u00a0\u00bb font_icon=\u00a0\u00bb%%262%%\u00a0\u00bb icon_color=\u00a0\u00bb#b00000&Prime; _builder_version=\u00a0\u00bb4.4.8&Prime; header_level=\u00a0\u00bbh2&Prime; header_font=\u00a0\u00bb|700|||||||\u00a0\u00bb text_orientation=\u00a0\u00bbcenter\u00a0\u00bb][\/et_pb_blurb][\/et_pb_column][\/et_pb_row][\/et_pb_section][et_pb_section fb_built=\u00a0\u00bb1&Prime; _builder_version=\u00a0\u00bb4.4.8&Prime; custom_padding=\u00a0\u00bb0px||0px||false|false\u00a0\u00bb][et_pb_row _builder_version=\u00a0\u00bb4.4.8&Prime;][et_pb_column type=\u00a0\u00bb4_4&Prime; _builder_version=\u00a0\u00bb4.4.8&Prime;][et_pb_text _builder_version=\u00a0\u00bb4.4.8&Prime;]<\/p>\n<h2 style=\"text-align: left;\">La Mairie de Saint-Martin\/Ecaillon vous propose sa salle de r\u00e9ception<\/h2>\n<p style=\"text-align: justify;\">Au coeur du village, sa capacit\u00e9, son agencement et sa modernit\u00e9 permettent d&rsquo;accueillir vos : r\u00e9ceptions (du vin d&rsquo;honneur au repas gr\u00e2ce notamment \u00e0 sa cuisine et son \u00e9quipement) ; soir\u00e9es dansantes ; r\u00e9unions ; s\u00e9minaires ; conf\u00e9rences ; spectacles ; exposition ; arbre de No\u00ebl ; salle de gymnastique&#8230;<\/p>\n<p style=\"text-align: justify;\"><span>A votre disposition :<\/span><\/p>\n<p style=\"padding-left: 60px;\">1 salle de r\u00e9ception \/ d&rsquo;exposition de 81 m\u00b2 avec bar,<\/p>\n<p style=\"padding-left: 60px;\">1 salle de r\u00e9union \/ commission de 40 m\u00b2,<\/p>\n<p style=\"padding-left: 60px;\">1 espace d\u2019accueil<\/p>\n<p style=\"padding-left: 60px;\">1 parking gratuit de 25 places dont 1 place handicap\u00e9e.<\/p>\n<p style=\"text-align: justify;\"><span>Une situation g\u00e9ographique int\u00e9ressante de par sa proximit\u00e9 avec<\/span><\/p>\n<p style=\"padding-left: 60px;\">VALENCIENNES\u00a0\u00a0 12 km<\/p>\n<p style=\"padding-left: 60px;\">SOLESMES\u00a0 \u00a0 \u00a0\u00a0\u00a0\u00a0\u00a0 10 km<\/p>\n<p style=\"padding-left: 60px;\">CAMBRAI\u00a0\u00a0\u00a0\u00a0\u00a0\u00a0\u00a0\u00a0\u00a0\u00a0\u00a0\u00a0 18 km<\/p>\n<p style=\"padding-left: 60px;\">LE CATEAU\u00a0\u00a0\u00a0\u00a0\u00a0\u00a0\u00a0\u00a0\u00a0 10 km<\/p>\n<p style=\"padding-left: 60px;\">COORDONNEES GPS :\u00a0 50.14.54N\/3.31. 27E<\/p>\n<p>[\/et_pb_text][et_pb_text _builder_version=\u00a0\u00bb4.4.8&Prime;][\/et_pb_text][\/et_pb_column][\/et_pb_row][\/et_pb_section][et_pb_section fb_built=\u00a0\u00bb1&Prime; _builder_version=\u00a0\u00bb4.4.8&Prime; hover_enabled=\u00a0\u00bb0&Prime; custom_padding=\u00a0\u00bb0px||0px||false|false\u00a0\u00bb][et_pb_row _builder_version=\u00a0\u00bb4.4.8&Prime; hover_enabled=\u00a0\u00bb0&Prime; custom_padding=\u00a0\u00bb0px||0px||false|false\u00a0\u00bb][et_pb_column type=\u00a0\u00bb4_4&Prime; _builder_version=\u00a0\u00bb4.4.8&Prime;][et_pb_gallery gallery_ids=\u00a0\u00bb1614,1632,1628,1629,1626,1627,1638,1631,1635,1636,1637,1633,1623,1624,1625,1615,1630,1616,1617,1618,1619,1620,1621,1622,1634,1639&Prime; show_title_and_caption=\u00a0\u00bboff\u00a0\u00bb zoom_icon_color=\u00a0\u00bb#ffffff\u00a0\u00bb _builder_version=\u00a0\u00bb4.4.8&Prime; pagination_font=\u00a0\u00bb|700|||||||\u00a0\u00bb pagination_text_color=\u00a0\u00bb#000000&Prime;][\/et_pb_gallery][\/et_pb_column][\/et_pb_row][\/et_pb_section][et_pb_section fb_built=\u00a0\u00bb1&Prime; _builder_version=\u00a0\u00bb4.4.8&Prime; custom_padding=\u00a0\u00bb0px||0px||false|false\u00a0\u00bb hover_enabled=\u00a0\u00bb0&Prime;][et_pb_row _builder_version=\u00a0\u00bb4.4.8&Prime; custom_padding=\u00a0\u00bb0px||0px||false|false\u00a0\u00bb hover_enabled=\u00a0\u00bb0&Prime;][et_pb_column _builder_version=\u00a0\u00bb4.4.8&Prime; type=\u00a0\u00bb4_4&Prime;][et_pb_button button_text=\u00a0\u00bbTarifs de la salle\u00a0\u00bb _builder_version=\u00a0\u00bb4.4.8&Prime; button_alignment=\u00a0\u00bbcenter\u00a0\u00bb custom_button=\u00a0\u00bbon\u00a0\u00bb button_bg_color=\u00a0\u00bb#b00000&Prime; button_bg_enable_color=\u00a0\u00bbon\u00a0\u00bb button_text_color=\u00a0\u00bb#ffffff\u00a0\u00bb button_border_width=\u00a0\u00bb0px\u00a0\u00bb button_border_radius=\u00a0\u00bb15px\u00a0\u00bb button_font=\u00a0\u00bb|600|||||||\u00a0\u00bb button_icon=\u00a0\u00bb%%130%%\u00a0\u00bb button_icon_color=\u00a0\u00bb#ffffff\u00a0\u00bb hover_enabled=\u00a0\u00bb0&Prime; button_url=\u00a0\u00bbhttps:\/\/www.monvillage.cafe\/saintmartinsurecaillon\/wp-content\/uploads\/sites\/2\/2020\/07\/TARIFS-SALLE.pdf\u00a0\u00bb url_new_window=\u00a0\u00bbon\u00a0\u00bb][\/et_pb_button][\/et_pb_column][\/et_pb_row][\/et_pb_section][et_pb_section fb_built=\u00a0\u00bb1&Prime; _builder_version=\u00a0\u00bb4.4.8&Prime; custom_padding=\u00a0\u00bb0px||0px||false|false\u00a0\u00bb][et_pb_row _builder_version=\u00a0\u00bb4.4.8&Prime; width=\u00a0\u00bb100%\u00a0\u00bb max_width=\u00a0\u00bb100%\u00a0\u00bb][et_pb_column type=\u00a0\u00bb4_4&Prime; _builder_version=\u00a0\u00bb4.4.8&Prime;][et_pb_divider color=\u00a0\u00bb#b00000&Prime; divider_weight=\u00a0\u00bb2px\u00a0\u00bb _builder_version=\u00a0\u00bb4.4.8&Prime;][\/et_pb_divider][\/et_pb_column][\/et_pb_row][\/et_pb_section][et_pb_section fb_built=\u00a0\u00bb1&Prime; _builder_version=\u00a0\u00bb4.4.8&Prime; top_divider_style=\u00a0\u00bbwave2&Prime; top_divider_color=\u00a0\u00bb#3f3f3f\u00a0\u00bb bottom_divider_style=\u00a0\u00bbwave2&Prime; bottom_divider_color=\u00a0\u00bb#3f3f3f\u00a0\u00bb][et_pb_row _builder_version=\u00a0\u00bb4.4.8&Prime;][et_pb_column type=\u00a0\u00bb4_4&Prime; _builder_version=\u00a0\u00bb4.4.8&Prime;][et_pb_blog include_categories=\u00a0\u00bb35&Prime; _builder_version=\u00a0\u00bb4.4.8&Prime; custom_padding=\u00a0\u00bb20px||30px||false|false\u00a0\u00bb][\/et_pb_blog][\/et_pb_column][\/et_pb_row][\/et_pb_section]<\/p>\n","protected":false},"excerpt":{"rendered":"<p>La Mairie de Saint-Martin\/Ecaillon vous propose sa salle de r\u00e9ception Au coeur du village, sa capacit\u00e9, son agencement et sa modernit\u00e9 permettent d&rsquo;accueillir vos : r\u00e9ceptions (du vin d&rsquo;honneur au repas gr\u00e2ce notamment \u00e0 sa cuisine et son \u00e9quipement) ; soir\u00e9es dansantes ; r\u00e9unions ; s\u00e9minaires ; conf\u00e9rences ; spectacles ; exposition ; arbre de [&hellip;]<\/p>\n","protected":false},"author":1,"featured_media":0,"parent":1487,"menu_order":0,"comment_status":"closed","ping_status":"closed","template":"","meta":{"_et_pb_use_builder":"on","_et_pb_old_content":"<!-- wp:divi\/placeholder \/-->","_et_gb_content_width":"","footnotes":""},"class_list":["post-1501","page","type-page","status-publish","hentry"],"_links":{"self":[{"href":"https:\/\/www.monvillage.cafe\/saintmartinsurecaillon\/wp-json\/wp\/v2\/pages\/1501","targetHints":{"allow":["GET"]}}],"collection":[{"href":"https:\/\/www.monvillage.cafe\/saintmartinsurecaillon\/wp-json\/wp\/v2\/pages"}],"about":[{"href":"https:\/\/www.monvillage.cafe\/saintmartinsurecaillon\/wp-json\/wp\/v2\/types\/page"}],"author":[{"embeddable":true,"href":"https:\/\/www.monvillage.cafe\/saintmartinsurecaillon\/wp-json\/wp\/v2\/users\/1"}],"replies":[{"embeddable":true,"href":"https:\/\/www.monvillage.cafe\/saintmartinsurecaillon\/wp-json\/wp\/v2\/comments?post=1501"}],"version-history":[{"count":7,"href":"https:\/\/www.monvillage.cafe\/saintmartinsurecaillon\/wp-json\/wp\/v2\/pages\/1501\/revisions"}],"predecessor-version":[{"id":1678,"href":"https:\/\/www.monvillage.cafe\/saintmartinsurecaillon\/wp-json\/wp\/v2\/pages\/1501\/revisions\/1678"}],"up":[{"embeddable":true,"href":"https:\/\/www.monvillage.cafe\/saintmartinsurecaillon\/wp-json\/wp\/v2\/pages\/1487"}],"wp:attachment":[{"href":"https:\/\/www.monvillage.cafe\/saintmartinsurecaillon\/wp-json\/wp\/v2\/media?parent=1501"}],"curies":[{"name":"wp","href":"https:\/\/api.w.org\/{rel}","templated":true}]}}