{"id":1497,"date":"2020-07-01T18:09:23","date_gmt":"2020-07-01T16:09:23","guid":{"rendered":"https:\/\/www.monvillage.cafe\/saintmartinsurecaillon\/?page_id=1497"},"modified":"2021-02-01T19:14:39","modified_gmt":"2021-02-01T18:14:39","slug":"les-professionnels","status":"publish","type":"page","link":"https:\/\/www.monvillage.cafe\/saintmartinsurecaillon\/votre-village\/les-professionnels\/","title":{"rendered":"Les professionnels"},"content":{"rendered":"<p>[et_pb_section fb_built=\u00a0\u00bb1&Prime; _builder_version=\u00a0\u00bb4.4.8&Prime;][et_pb_row column_structure=\u00a0\u00bb1_3,1_3,1_3&Prime; _builder_version=\u00a0\u00bb4.4.8&Prime;][et_pb_column type=\u00a0\u00bb1_3&Prime; _builder_version=\u00a0\u00bb4.4.8&Prime;][et_pb_blurb title=\u00a0\u00bbLa Rose Laiti\u00e8re\u00a0\u00bb image=\u00a0\u00bbhttps:\/\/www.monvillage.cafe\/saintmartinsurecaillon\/wp-content\/uploads\/sites\/2\/2020\/07\/la-rose-laitiere-4-etoiles.jpg\u00a0\u00bb _builder_version=\u00a0\u00bb4.8.2&Prime; header_level=\u00a0\u00bbh2&Prime; header_font=\u00a0\u00bb|700|||||||\u00a0\u00bb header_text_color=\u00a0\u00bb#3f3f3f\u00a0\u00bb text_orientation=\u00a0\u00bbcenter\u00a0\u00bb hover_enabled=\u00a0\u00bb0&Prime; sticky_enabled=\u00a0\u00bb0&Prime;]<\/p>\n<p>G\u00eetes, chambres d\u2019h\u00f4tes et salle de r\u00e9ception.<\/p>\n<p>Ferme de Court-\u00e0-Rieux 59213 Saint Martin sur Ecaillon<\/p>\n<p>T\u00e9l :\u00a0<span>06.86.84.12.95<\/span><\/p>\n<p><a href=\"mailto:info@laroselaitiere.com\" target=\"_blank\" rel=\"noopener noreferrer\">info@laroselaitiere.com<\/a><\/p>\n<p><a href=\"https:\/\/www.laroselaitiere.fr\/\" target=\"_blank\" rel=\"noopener noreferrer\">www.laroselaitiere.fr<\/a><\/p>\n<p>Sandrine et Jos\u00e9-Pierre Chatelain<\/p>\n<p>[\/et_pb_blurb][\/et_pb_column][et_pb_column type=\u00a0\u00bb1_3&Prime; _builder_version=\u00a0\u00bb4.4.8&Prime;][et_pb_blurb title=\u00a0\u00bbAXA Epargne et Pr\u00e9voyance\u00a0\u00bb image=\u00a0\u00bbhttps:\/\/www.monvillage.cafe\/saintmartinsurecaillon\/wp-content\/uploads\/sites\/2\/2020\/07\/axa-2.jpg\u00a0\u00bb _builder_version=\u00a0\u00bb4.4.9&Prime; header_level=\u00a0\u00bbh2&Prime; header_font=\u00a0\u00bb|700|||||||\u00a0\u00bb header_text_color=\u00a0\u00bb#3f3f3f\u00a0\u00bb text_orientation=\u00a0\u00bbcenter\u00a0\u00bb]<\/p>\n<p>Pascale RAMON, agent mandataire<\/p>\n<p>8 rue Villars 59213 Saint Martin sur Ecaillon<\/p>\n<p>T\u00e9l : 06.67.93.56.67<\/p>\n<p><a href=\"mailto:pascale.ramon.am@axa.fr\" target=\"_blank\" rel=\"noopener noreferrer\">pascale.ramon.am@axa.fr<\/a><\/p>\n<p><a target=\"_blank\" href=\"https:\/\/agence.axa.fr\/nord-pas-de-calais\/nord\/saint-martin-sur-ecaillon\/pascale-ramon\" rel=\"noopener noreferrer\">n\u00b0Orias 15 003 0149<\/a><span>\u00a0<\/span><\/p>\n<p>[\/et_pb_blurb][\/et_pb_column][et_pb_column type=\u00a0\u00bb1_3&Prime; _builder_version=\u00a0\u00bb4.4.8&Prime;][et_pb_blurb title=\u00a0\u00bbLe Clair Habitat\u00a0\u00bb use_icon=\u00a0\u00bbon\u00a0\u00bb font_icon=\u00a0\u00bb%%234%%\u00a0\u00bb icon_color=\u00a0\u00bb#ffffff\u00a0\u00bb use_circle=\u00a0\u00bbon\u00a0\u00bb circle_color=\u00a0\u00bb#b00000&Prime; use_icon_font_size=\u00a0\u00bbon\u00a0\u00bb icon_font_size=\u00a0\u00bb100px\u00a0\u00bb _builder_version=\u00a0\u00bb4.4.8&Prime; header_level=\u00a0\u00bbh2&Prime; header_font=\u00a0\u00bb|700|||||||\u00a0\u00bb header_text_color=\u00a0\u00bb#3f3f3f\u00a0\u00bb text_orientation=\u00a0\u00bbcenter\u00a0\u00bb]<\/p>\n<p>Electricien<\/p>\n<p>1 Rue Notre Dame, 59213 Saint-Martin-sur-\u00c9caillon<\/p>\n<p>T\u00e9l : 03.27.27.85.13<\/p>\n<p>\u00a0Ludovic Leclercq<\/p>\n<p>[\/et_pb_blurb][\/et_pb_column][\/et_pb_row][et_pb_row column_structure=\u00a0\u00bb1_3,1_3,1_3&Prime; _builder_version=\u00a0\u00bb4.4.8&Prime;][et_pb_column type=\u00a0\u00bb1_3&Prime; _builder_version=\u00a0\u00bb4.4.8&Prime;][et_pb_blurb title=\u00a0\u00bbLien-Bowantz Architecte\u00a0\u00bb use_icon=\u00a0\u00bbon\u00a0\u00bb font_icon=\u00a0\u00bb%%270%%\u00a0\u00bb icon_color=\u00a0\u00bb#ffffff\u00a0\u00bb use_circle=\u00a0\u00bbon\u00a0\u00bb circle_color=\u00a0\u00bb#b00000&Prime; use_icon_font_size=\u00a0\u00bbon\u00a0\u00bb icon_font_size=\u00a0\u00bb100px\u00a0\u00bb _builder_version=\u00a0\u00bb4.4.8&Prime; header_level=\u00a0\u00bbh2&Prime; header_font=\u00a0\u00bb|700|||||||\u00a0\u00bb header_text_color=\u00a0\u00bb#3f3f3f\u00a0\u00bb text_orientation=\u00a0\u00bbcenter\u00a0\u00bb]<\/p>\n<p>Architecte<\/p>\n<p>Moulin de Malonas 59213 Saint-Martin sur Ecaillon<\/p>\n<p>T\u00e9l : 06.37.51.60.17<\/p>\n<p><a href=\"mailto:mlbarchitecte@gmail.com\" target=\"_blank\" rel=\"noopener noreferrer\">mlbarchitecte@gmail.com<\/a><\/p>\n<p>Martine Lien-Bowantz<\/p>\n<p>[\/et_pb_blurb][\/et_pb_column][et_pb_column type=\u00a0\u00bb1_3&Prime; _builder_version=\u00a0\u00bb4.4.8&Prime;][et_pb_blurb title=\u00a0\u00bbSolution Lettres Communications\u00a0\u00bb image=\u00a0\u00bbhttps:\/\/www.monvillage.cafe\/saintmartinsurecaillon\/wp-content\/uploads\/sites\/2\/2020\/07\/slc-2.jpg\u00a0\u00bb _builder_version=\u00a0\u00bb4.4.8&Prime; header_level=\u00a0\u00bbh2&Prime; header_font=\u00a0\u00bb|700|||||||\u00a0\u00bb header_text_color=\u00a0\u00bb#3f3f3f\u00a0\u00bb text_orientation=\u00a0\u00bbcenter\u00a0\u00bb]<\/p>\n<p>Strat\u00e9gie de communication d\u2019entreprises<\/p>\n<p>8 rue Villars 59213 Saint Martin sur Ecaillon<\/p>\n<p>T\u00e9l : 0950.940.920<\/p>\n<p><a href=\"mailto:contact@solutionlettres.fr\" target=\"_blank\" rel=\"noopener noreferrer\">contact@solutionlettres.fr<\/a><\/p>\n<p><a href=\"http:\/\/www.solutionlettres.fr\/\" target=\"_blank\" rel=\"noopener noreferrer\">solutionlettres.fr<\/a><\/p>\n<p>Pascale RAMON<\/p>\n<p>[\/et_pb_blurb][\/et_pb_column][et_pb_column type=\u00a0\u00bb1_3&Prime; _builder_version=\u00a0\u00bb4.4.8&Prime;][et_pb_blurb title=\u00a0\u00bbRAMON.SOLUTIONS\u00a0\u00bb use_icon=\u00a0\u00bbon\u00a0\u00bb font_icon=\u00a0\u00bb%%176%%\u00a0\u00bb icon_color=\u00a0\u00bb#ffffff\u00a0\u00bb use_circle=\u00a0\u00bbon\u00a0\u00bb circle_color=\u00a0\u00bb#b00000&Prime; use_icon_font_size=\u00a0\u00bbon\u00a0\u00bb icon_font_size=\u00a0\u00bb100px\u00a0\u00bb _builder_version=\u00a0\u00bb4.4.8&Prime; header_level=\u00a0\u00bbh2&Prime; header_font=\u00a0\u00bb|700|||||||\u00a0\u00bb header_text_color=\u00a0\u00bb#3f3f3f\u00a0\u00bb text_orientation=\u00a0\u00bbcenter\u00a0\u00bb]<\/p>\n<p>Expertise industrielle<\/p>\n<p>Management de transition, gestion commerciale, gestion de projet, march\u00e9s publics, ferroviaire, formation, coaching<\/p>\n<p>T\u00e9l : 09.72.16.09.25<\/p>\n<p><a href=\"mailto:contact@ramon.solutions\" target=\"_blank\" rel=\"noopener noreferrer\">contact@ramon.solutions<\/a><\/p>\n<p><a href=\"http:\/\/www.ramon.solutions\/\" target=\"_blank\" rel=\"noopener noreferrer\">www.ramon.solutions<\/a><\/p>\n<p>[\/et_pb_blurb][\/et_pb_column][\/et_pb_row][\/et_pb_section][et_pb_section fb_built=\u00a0\u00bb1&Prime; _builder_version=\u00a0\u00bb4.4.8&Prime; custom_padding=\u00a0\u00bb0px||0px||false|false\u00a0\u00bb][et_pb_row _builder_version=\u00a0\u00bb4.4.8&Prime; width=\u00a0\u00bb100%\u00a0\u00bb max_width=\u00a0\u00bb100%\u00a0\u00bb][et_pb_column type=\u00a0\u00bb4_4&Prime; _builder_version=\u00a0\u00bb4.4.8&Prime;][et_pb_divider color=\u00a0\u00bb#b00000&Prime; divider_weight=\u00a0\u00bb2px\u00a0\u00bb _builder_version=\u00a0\u00bb4.4.8&Prime;][\/et_pb_divider][\/et_pb_column][\/et_pb_row][\/et_pb_section][et_pb_section fb_built=\u00a0\u00bb1&Prime; _builder_version=\u00a0\u00bb4.4.8&Prime; top_divider_style=\u00a0\u00bbwave2&Prime; top_divider_color=\u00a0\u00bb#3f3f3f\u00a0\u00bb bottom_divider_style=\u00a0\u00bbwave2&Prime; bottom_divider_color=\u00a0\u00bb#3f3f3f\u00a0\u00bb][et_pb_row _builder_version=\u00a0\u00bb4.4.8&Prime;][et_pb_column type=\u00a0\u00bb4_4&Prime; _builder_version=\u00a0\u00bb4.4.8&Prime;][et_pb_blog include_categories=\u00a0\u00bb34&Prime; _builder_version=\u00a0\u00bb4.4.8&Prime; custom_padding=\u00a0\u00bb20px||30px||false|false\u00a0\u00bb][\/et_pb_blog][\/et_pb_column][\/et_pb_row][\/et_pb_section]<\/p>\n","protected":false},"excerpt":{"rendered":"<p>G\u00eetes, chambres d\u2019h\u00f4tes et salle de r\u00e9ception. Ferme de Court-\u00e0-Rieux 59213 Saint Martin sur Ecaillon T\u00e9l :\u00a006.86.84.12.95 info@laroselaitiere.com www.laroselaitiere.fr Sandrine et Jos\u00e9-Pierre ChatelainPascale RAMON, agent mandataire 8 rue Villars 59213 Saint Martin sur Ecaillon T\u00e9l : 06.67.93.56.67 pascale.ramon.am@axa.fr n\u00b0Orias 15 003 0149\u00a0Electricien 1 Rue Notre Dame, 59213 Saint-Martin-sur-\u00c9caillon T\u00e9l : 03.27.27.85.13 \u00a0Ludovic LeclercqArchitecte Moulin de [&hellip;]<\/p>\n","protected":false},"author":1,"featured_media":0,"parent":1487,"menu_order":0,"comment_status":"closed","ping_status":"closed","template":"","meta":{"_et_pb_use_builder":"on","_et_pb_old_content":"<!-- wp:divi\/placeholder \/-->","_et_gb_content_width":"","footnotes":""},"class_list":["post-1497","page","type-page","status-publish","hentry"],"_links":{"self":[{"href":"https:\/\/www.monvillage.cafe\/saintmartinsurecaillon\/wp-json\/wp\/v2\/pages\/1497","targetHints":{"allow":["GET"]}}],"collection":[{"href":"https:\/\/www.monvillage.cafe\/saintmartinsurecaillon\/wp-json\/wp\/v2\/pages"}],"about":[{"href":"https:\/\/www.monvillage.cafe\/saintmartinsurecaillon\/wp-json\/wp\/v2\/types\/page"}],"author":[{"embeddable":true,"href":"https:\/\/www.monvillage.cafe\/saintmartinsurecaillon\/wp-json\/wp\/v2\/users\/1"}],"replies":[{"embeddable":true,"href":"https:\/\/www.monvillage.cafe\/saintmartinsurecaillon\/wp-json\/wp\/v2\/comments?post=1497"}],"version-history":[{"count":5,"href":"https:\/\/www.monvillage.cafe\/saintmartinsurecaillon\/wp-json\/wp\/v2\/pages\/1497\/revisions"}],"predecessor-version":[{"id":2576,"href":"https:\/\/www.monvillage.cafe\/saintmartinsurecaillon\/wp-json\/wp\/v2\/pages\/1497\/revisions\/2576"}],"up":[{"embeddable":true,"href":"https:\/\/www.monvillage.cafe\/saintmartinsurecaillon\/wp-json\/wp\/v2\/pages\/1487"}],"wp:attachment":[{"href":"https:\/\/www.monvillage.cafe\/saintmartinsurecaillon\/wp-json\/wp\/v2\/media?parent=1497"}],"curies":[{"name":"wp","href":"https:\/\/api.w.org\/{rel}","templated":true}]}}